{"id":8176,"date":"2025-11-10T09:16:16","date_gmt":"2025-11-10T09:16:16","guid":{"rendered":"https:\/\/qiddo.be\/?post_type=product&#038;p=8176"},"modified":"2025-11-20T08:51:32","modified_gmt":"2025-11-20T08:51:32","slug":"amal-ii-cot-paula","status":"publish","type":"product","link":"https:\/\/qiddo.be\/fr\/affaires-de-bebe\/embaucher\/amal-ii-cot-paula\/","title":{"rendered":"Amal II Cot Paula White"},"content":{"rendered":"<p><strong>Amal II Cot Paula White<\/strong><\/p>\n<p data-start=\"171\" data-end=\"545\">Le lit Amal II Baby Bed Paula allie s\u00e9curit\u00e9, confort et design \u00e9l\u00e9gant dans un magnifique lit pour b\u00e9b\u00e9. Avec son cadre en bois robuste et son look intemporel, il s'int\u00e8gre sans effort dans n'importe quelle chambre d'enfant. Le sommier \u00e0 lattes est r\u00e9glable \u00e0 plusieurs hauteurs, ce qui vous permet d'adapter facilement le lit \u00e0 chaque \u00e9tape du d\u00e9veloppement de votre enfant, du nouveau-n\u00e9 \u00e0 l'enfant en bas \u00e2ge.<\/p>\n<p data-start=\"547\" data-end=\"821\">Le lit est con\u00e7u dans un souci de s\u00e9curit\u00e9 et de durabilit\u00e9. La construction robuste assure la stabilit\u00e9, tandis que les bords arrondis offrent une protection suppl\u00e9mentaire. Gr\u00e2ce \u00e0 sa conception intelligente, vous b\u00e9n\u00e9ficiez d'une accessibilit\u00e9 optimale et la chambre reste propre et d\u00e9gag\u00e9e.<\/p>\n<p data-start=\"823\" data-end=\"960\">Le lit Amal II Baby Bed Paula offre \u00e0 votre b\u00e9b\u00e9 un environnement de sommeil s\u00fbr et confortable tout en donnant \u00e0 la chambre un aspect \u00e9l\u00e9gant et frais.<\/p>\n<p data-start=\"823\" data-end=\"960\"><strong>Sp\u00e9cifications techniques :\u00a0<\/strong><\/p>\n<ul>\n<li>Dimensions : 120x60 cm<\/li>\n<li>Mat\u00e9riau : Bois de h\u00eatre<\/li>\n<li>Couleur : blanc<\/li>\n<\/ul>","protected":false},"excerpt":{"rendered":"<ul>\n<li data-start=\"1008\" data-end=\"1045\">\n<p data-start=\"1010\" data-end=\"1045\">Lit b\u00e9b\u00e9 en bois robuste et \u00e9l\u00e9gant<\/p>\n<\/li>\n<li data-start=\"1046\" data-end=\"1093\">\n<p data-start=\"1048\" data-end=\"1093\">Cadre \u00e0 lattes r\u00e9glable en plusieurs hauteurs<\/p>\n<\/li>\n<li data-start=\"1094\" data-end=\"1124\">\n<p data-start=\"1096\" data-end=\"1124\">Une conception durable et s\u00fbre<\/p>\n<\/li>\n<li data-start=\"1125\" data-end=\"1168\">\n<p data-start=\"1127\" data-end=\"1168\">Bords arrondis pour une protection accrue<\/p>\n<\/li>\n<li data-start=\"1169\" data-end=\"1203\">\n<p data-start=\"1171\" data-end=\"1203\">S'int\u00e8gre parfaitement dans la chambre de b\u00e9b\u00e9<\/p>\n<\/li>\n<\/ul>","protected":false},"featured_media":8848,"comment_status":"open","ping_status":"closed","template":"","meta":[],"product_brand":[124],"product_cat":[72],"product_tag":[],"class_list":{"0":"post-8176","1":"product","2":"type-product","3":"status-publish","4":"has-post-thumbnail","6":"product_brand-amal","7":"product_cat-slapen","9":"first","10":"instock","11":"taxable","12":"shipping-taxable","13":"purchasable","14":"product-type-simple"},"_links":{"self":[{"href":"https:\/\/qiddo.be\/fr\/wp-json\/wp\/v2\/product\/8176","targetHints":{"allow":["GET"]}}],"collection":[{"href":"https:\/\/qiddo.be\/fr\/wp-json\/wp\/v2\/product"}],"about":[{"href":"https:\/\/qiddo.be\/fr\/wp-json\/wp\/v2\/types\/product"}],"replies":[{"embeddable":true,"href":"https:\/\/qiddo.be\/fr\/wp-json\/wp\/v2\/comments?post=8176"}],"version-history":[{"count":3,"href":"https:\/\/qiddo.be\/fr\/wp-json\/wp\/v2\/product\/8176\/revisions"}],"predecessor-version":[{"id":8850,"href":"https:\/\/qiddo.be\/fr\/wp-json\/wp\/v2\/product\/8176\/revisions\/8850"}],"wp:featuredmedia":[{"embeddable":true,"href":"https:\/\/qiddo.be\/fr\/wp-json\/wp\/v2\/media\/8848"}],"wp:attachment":[{"href":"https:\/\/qiddo.be\/fr\/wp-json\/wp\/v2\/media?parent=8176"}],"wp:term":[{"taxonomy":"product_brand","embeddable":true,"href":"https:\/\/qiddo.be\/fr\/wp-json\/wp\/v2\/product_brand?post=8176"},{"taxonomy":"product_cat","embeddable":true,"href":"https:\/\/qiddo.be\/fr\/wp-json\/wp\/v2\/product_cat?post=8176"},{"taxonomy":"product_tag","embeddable":true,"href":"https:\/\/qiddo.be\/fr\/wp-json\/wp\/v2\/product_tag?post=8176"}],"curies":[{"name":"wp","href":"https:\/\/api.w.org\/{rel}","templated":true}]}}